{"id":237,"date":"2018-05-29T21:07:18","date_gmt":"2018-05-29T19:07:18","guid":{"rendered":"https:\/\/johanna-neuburger.de\/de\/?post_type=portfolio&#038;p=237"},"modified":"2019-06-30T14:18:17","modified_gmt":"2019-06-30T12:18:17","slug":"10-jahre-10-kuenstler-galerie-stihl","status":"publish","type":"portfolio","link":"https:\/\/johanna-neuburger.de\/de\/portfolio\/10-jahre-10-kuenstler-galerie-stihl\/","title":{"rendered":"10 Jahre \u2013 10 K\u00fcnstler. Galerie Stihl"},"content":{"rendered":"\n<p>\n\nDas Besondere an diesem Katalog ist neben den Inhalten die H\u00fclle: ein mit zitronengelbem Gewebeband gefasster Buchr\u00fccken, der auf Graupappe (Steifbroschur, 3 mm) trifft. Diese ist nicht wie \u00fcblich unter dem Gewebeband befestigt, sondern darauf. Der einfarbige Ausstellungstitel \u201e10 Jahre \u2013 10 K\u00fcnstler\u201c, der sich aus der Bildmarke des Galerielogos ableitet, wurde auf das Buchcover gepr\u00e4gt.\n\n<\/p>\n","protected":false},"excerpt":{"rendered":"<p>Das Besondere an diesem Katalog ist neben den Inhalten die H\u00fclle: ein mit zitronengelbem Gewebeband gefasster Buchr\u00fccken, der auf Graupappe (Steifbroschur, 3 mm) trifft. Diese ist nicht wie \u00fcblich unter dem Gewebeband befestigt, sondern darauf. Der einfarbige Ausstellungstitel \u201e10 Jahre \u2013 10 K\u00fcnstler\u201c, der sich aus der Bildmarke des Galerielogos<\/p>\n<div class=\"post-button\">\n\t\t\t   <a href=\"https:\/\/johanna-neuburger.de\/de\/portfolio\/10-jahre-10-kuenstler-galerie-stihl\/\">Read More<\/a>\n\t\t\t<\/div>\n","protected":false},"author":1,"featured_media":239,"menu_order":0,"comment_status":"closed","ping_status":"closed","template":"","format":"standard","meta":{"_vp_format_video_url":"","_vp_image_focal_point":[]},"portfolio_category":[3],"portfolio_tag":[],"_links":{"self":[{"href":"https:\/\/johanna-neuburger.de\/de\/wp-json\/wp\/v2\/portfolio\/237"}],"collection":[{"href":"https:\/\/johanna-neuburger.de\/de\/wp-json\/wp\/v2\/portfolio"}],"about":[{"href":"https:\/\/johanna-neuburger.de\/de\/wp-json\/wp\/v2\/types\/portfolio"}],"author":[{"embeddable":true,"href":"https:\/\/johanna-neuburger.de\/de\/wp-json\/wp\/v2\/users\/1"}],"replies":[{"embeddable":true,"href":"https:\/\/johanna-neuburger.de\/de\/wp-json\/wp\/v2\/comments?post=237"}],"version-history":[{"count":5,"href":"https:\/\/johanna-neuburger.de\/de\/wp-json\/wp\/v2\/portfolio\/237\/revisions"}],"predecessor-version":[{"id":505,"href":"https:\/\/johanna-neuburger.de\/de\/wp-json\/wp\/v2\/portfolio\/237\/revisions\/505"}],"wp:featuredmedia":[{"embeddable":true,"href":"https:\/\/johanna-neuburger.de\/de\/wp-json\/wp\/v2\/media\/239"}],"wp:attachment":[{"href":"https:\/\/johanna-neuburger.de\/de\/wp-json\/wp\/v2\/media?parent=237"}],"wp:term":[{"taxonomy":"portfolio_category","embeddable":true,"href":"https:\/\/johanna-neuburger.de\/de\/wp-json\/wp\/v2\/portfolio_category?post=237"},{"taxonomy":"portfolio_tag","embeddable":true,"href":"https:\/\/johanna-neuburger.de\/de\/wp-json\/wp\/v2\/portfolio_tag?post=237"}],"curies":[{"name":"wp","href":"https:\/\/api.w.org\/{rel}","templated":true}]}}