{"id":89,"date":"2018-03-28T16:18:56","date_gmt":"2018-03-28T14:18:56","guid":{"rendered":"https:\/\/johanna-neuburger.de\/de\/?post_type=portfolio&#038;p=89"},"modified":"2019-06-28T12:17:39","modified_gmt":"2019-06-28T10:17:39","slug":"memoire-erinnern","status":"publish","type":"portfolio","link":"https:\/\/johanna-neuburger.de\/de\/portfolio\/memoire-erinnern\/","title":{"rendered":"M\u00e9moire Erinnern"},"content":{"rendered":"\n<p>Dass dieses Buch voller Erinnerungen ist, l\u00e4sst das Cover zwar durch den Titel vermuten, dennoch nimmt es sich zur\u00fcck und der inhaltlichen Dichte nichts vorweg.<\/p>\n\n\n\n<p>Die Ausstellung \u201eM\u00e9moire. Erinnern\u201c, die in Kooperation mit dem Mus\u00e9e d\u2018art moderne de Saint-\u00c9tienne M\u00e9tropole kuratiert wurde, zeigte die Werke sechs zeitgen\u00f6ssischer K\u00fcnstlerInnen aus Saint-\u00c9tienne: \u2028Jean-Luc Brignola, Jean-Marc Cerino, Olivier Dutel, Thierry Gruas, \u00c9ric Manigaud und Ga\u00eblle Vicherd.\u2028Ihre Arbeiten bedienen sich verschiedenster k\u00fcnstlerischer Mittel, um Fragen nach dem Erinnern aufzuwerfen. Dabei geht es sowohl um pers\u00f6nliche, als auch um gesellschaftliche M\u00e9moires.<\/p>\n\n\n\n<p>Jedes Kapitel beleuchtet einen der K\u00fcnstlerInnen und sein\/ihr Schaffen. Der Fokus liegt auf dem pers\u00f6nlichen Erleben davon, welche Rolle Erinnerung im privaten und kulturellen Ged\u00e4chtnis hat.<\/p>\n","protected":false},"excerpt":{"rendered":"<p>Dass dieses Buch voller Erinnerungen ist, l\u00e4sst das Cover zwar durch den Titel vermuten, dennoch nimmt es sich zur\u00fcck und der inhaltlichen Dichte nichts vorweg. Die Ausstellung \u201eM\u00e9moire. Erinnern\u201c, die in Kooperation mit dem Mus\u00e9e d\u2018art moderne de Saint-\u00c9tienne M\u00e9tropole kuratiert wurde, zeigte die Werke sechs zeitgen\u00f6ssischer K\u00fcnstlerInnen aus Saint-\u00c9tienne:<\/p>\n<div class=\"post-button\">\n\t\t\t   <a href=\"https:\/\/johanna-neuburger.de\/de\/portfolio\/memoire-erinnern\/\">Read More<\/a>\n\t\t\t<\/div>\n","protected":false},"author":1,"featured_media":92,"menu_order":0,"comment_status":"closed","ping_status":"closed","template":"","format":"standard","meta":{"_vp_format_video_url":"","_vp_image_focal_point":[]},"portfolio_category":[3],"portfolio_tag":[],"_links":{"self":[{"href":"https:\/\/johanna-neuburger.de\/de\/wp-json\/wp\/v2\/portfolio\/89"}],"collection":[{"href":"https:\/\/johanna-neuburger.de\/de\/wp-json\/wp\/v2\/portfolio"}],"about":[{"href":"https:\/\/johanna-neuburger.de\/de\/wp-json\/wp\/v2\/types\/portfolio"}],"author":[{"embeddable":true,"href":"https:\/\/johanna-neuburger.de\/de\/wp-json\/wp\/v2\/users\/1"}],"replies":[{"embeddable":true,"href":"https:\/\/johanna-neuburger.de\/de\/wp-json\/wp\/v2\/comments?post=89"}],"version-history":[{"count":8,"href":"https:\/\/johanna-neuburger.de\/de\/wp-json\/wp\/v2\/portfolio\/89\/revisions"}],"predecessor-version":[{"id":100,"href":"https:\/\/johanna-neuburger.de\/de\/wp-json\/wp\/v2\/portfolio\/89\/revisions\/100"}],"wp:featuredmedia":[{"embeddable":true,"href":"https:\/\/johanna-neuburger.de\/de\/wp-json\/wp\/v2\/media\/92"}],"wp:attachment":[{"href":"https:\/\/johanna-neuburger.de\/de\/wp-json\/wp\/v2\/media?parent=89"}],"wp:term":[{"taxonomy":"portfolio_category","embeddable":true,"href":"https:\/\/johanna-neuburger.de\/de\/wp-json\/wp\/v2\/portfolio_category?post=89"},{"taxonomy":"portfolio_tag","embeddable":true,"href":"https:\/\/johanna-neuburger.de\/de\/wp-json\/wp\/v2\/portfolio_tag?post=89"}],"curies":[{"name":"wp","href":"https:\/\/api.w.org\/{rel}","templated":true}]}}